{"id":3163,"date":"2025-10-17T16:52:00","date_gmt":"2025-10-17T14:52:00","guid":{"rendered":"http:\/\/tickprotektor.com\/confidentialite-fr\/"},"modified":"2026-01-20T13:01:32","modified_gmt":"2026-01-20T11:01:32","slug":"confidentialite-fr","status":"publish","type":"page","link":"https:\/\/tickprotektor.com\/fr\/confidentialite-fr\/","title":{"rendered":"Confidentialit\u00e9 \u2013 FR"},"content":{"rendered":"\n<div>\n<div class=\"gb-element-34007f4c\">\n<h2 class=\"wp-block-heading has-roboto-font-family\" style=\"font-size:clamp(1.378rem, 1.378rem + ((1vw - 0.2rem) * 1.09), 2.25rem);line-height:2\"><strong>Politique de confidentialit\u00e9<\/strong><\/h2>\n\n\n\n<p class=\"has-roboto-font-family\" style=\"font-size:clamp(0.875rem, 0.875rem + ((1vw - 0.2rem) * 0.313), 1.125rem);\">Date : 15\/10\/2025<\/p>\n<\/div>\n\n\n\n<div class=\"gb-element-068034b7\">\n<div class=\"gb-element-7a9ede53\">\n<p class=\"has-roboto-font-family\" style=\"font-size:clamp(0.875rem, 0.875rem + ((1vw - 0.2rem) * 0.156), 1rem);\">Cette politique de confidentialit\u00e9 vous informe sur la mani\u00e8re dont nous traitons les donn\u00e9es personnelles lorsque vous visitez notre site web, que vous nous contactez ou que vous utilisez nos services en ligne.<\/p>\n<\/div>\n<\/div>\n\n\n\n<div class=\"gb-element-b31cad7e\">\n<div class=\"gb-element-83e6d675\">\n<h2 class=\"wp-block-heading has-roboto-font-family\" style=\"font-size:clamp(1.25rem, 1.25rem + ((1vw - 0.2rem) * 0.938), 2rem);font-style:normal;font-weight:600\">Responsable du traitement (art. 4, n\u00b0 7 RGPD)<\/h2>\n\n\n\n<p class=\"has-roboto-font-family\" style=\"font-size:clamp(0.875rem, 0.875rem + ((1vw - 0.2rem) * 0.319), 1.13rem);font-style:normal;font-weight:600\">ATI Industrie Ltd.<\/p>\n\n\n\n<p class=\"has-accent-4-color has-text-color has-link-color has-roboto-font-family wp-elements-8718e5b91cad52ed585e96cbbfd67632\" style=\"font-size:clamp(0.875rem, 0.875rem + ((1vw - 0.2rem) * 0.156), 1rem);\">Private Company Limited by Shares (Ltd)<\/p>\n\n\n\n<p class=\"has-roboto-font-family\" style=\"font-size:clamp(0.875rem, 0.875rem + ((1vw - 0.2rem) * 0.319), 1.13rem);font-style:normal;font-weight:600;line-height:1\">Si\u00e8ge social (\u00e9tablissement principal) :<\/p>\n\n\n\n<p class=\"has-accent-4-color has-text-color has-link-color has-roboto-font-family wp-elements-101343a8e34d7f4a472cae5076328c1a\" style=\"font-size:clamp(0.875rem, 0.875rem + ((1vw - 0.2rem) * 0.156), 1rem);\">Carlisle Building, 51 Bracken Road, Sandyford Business Park<br\/>Dublin, D18 CV48, Irlande<\/p>\n\n\n\n<p class=\"has-roboto-font-family\" style=\"font-size:clamp(0.875rem, 0.875rem + ((1vw - 0.2rem) * 0.319), 1.13rem);font-style:normal;font-weight:400\"><strong>Registre<\/strong> : Companies Registration Office Irlande<\/p>\n\n\n\n<p class=\"has-roboto-font-family\" style=\"font-size:clamp(0.875rem, 0.875rem + ((1vw - 0.2rem) * 0.319), 1.13rem);font-style:normal;font-weight:400\"><strong>Num\u00e9ro d\u2019enregistrement<\/strong> : 643128<\/p>\n\n\n\n<p class=\"has-roboto-font-family\" style=\"font-size:clamp(0.875rem, 0.875rem + ((1vw - 0.2rem) * 0.319), 1.13rem);font-style:normal;font-weight:400;line-height:1\"><strong>Adresse de contact en Allemagne :<\/strong><\/p>\n\n\n\n<p class=\"has-accent-4-color has-text-color has-link-color has-roboto-font-family wp-elements-d1fb942edaf0b4a763821ea416509e9a\" style=\"font-size:clamp(0.875rem, 0.875rem + ((1vw - 0.2rem) * 0.156), 1rem);\">Birkenweg 9, 72147 Nehren, Allemagne<\/p>\n\n\n\n<p class=\"has-roboto-font-family\" style=\"font-size:clamp(0.875rem, 0.875rem + ((1vw - 0.2rem) * 0.319), 1.13rem);font-style:normal;font-weight:400\"><strong>Directeur autoris\u00e9 \u00e0 repr\u00e9senter la soci\u00e9t\u00e9<\/strong> : Jens Christian Metz<\/p>\n\n\n\n<p class=\"has-roboto-font-family\" style=\"font-size:clamp(0.875rem, 0.875rem + ((1vw - 0.2rem) * 0.319), 1.13rem);font-style:normal;font-weight:400;line-height:1\"><strong>Contact<\/strong> :<\/p>\n\n\n\n<p class=\"has-roboto-font-family\" style=\"font-size:clamp(0.875rem, 0.875rem + ((1vw - 0.2rem) * 0.319), 1.13rem);font-style:normal;font-weight:400;line-height:1\">T\u00e9l\u00e9phone : +49 7473 91999-87<\/p>\n\n\n\n<p class=\"has-roboto-font-family\" style=\"font-size:clamp(0.875rem, 0.875rem + ((1vw - 0.2rem) * 0.319), 1.13rem);font-style:normal;font-weight:400;line-height:1\">E-mail : <a href=\"mailto:impressum@tickprotektor.com\">impressum@tickprotektor.com<\/a><\/p>\n\n\n\n<p class=\"has-custom-border-color-background-color has-background has-roboto-font-family has-small-font-size\" style=\"font-style:normal;font-weight:400\"><strong>Remarque<\/strong> : le responsable juridique est ATI Industrie Ltd. En tant qu\u2019adresse de contact en Allemagne, l\u2019adresse est \u00e9galement soumise \u00e0 la BDSG ; le principal \u00e9tablissement en mati\u00e8re de protection des donn\u00e9es au sens de l\u2019art. 56 RGPD est le lieu o\u00f9 sont prises les d\u00e9cisions essentielles concernant les finalit\u00e9s et les moyens du traitement (actuellement : Irlande, sauf communication contraire).<\/p>\n<\/div>\n<\/div>\n\n\n\n<div class=\"gb-element-776de546\">\n<div class=\"gb-element-e6e4abfd\">\n<h2 class=\"wp-block-heading has-roboto-font-family\" style=\"font-size:clamp(1.25rem, 1.25rem + ((1vw - 0.2rem) * 0.938), 2rem);font-style:normal;font-weight:600\">Contact pour la protection des donn\u00e9es \/ D\u00e9l\u00e9gu\u00e9 \u00e0 la protection des donn\u00e9es<\/h2>\n\n\n\n<p class=\"has-roboto-font-family\" style=\"font-size:clamp(0.875rem, 0.875rem + ((1vw - 0.2rem) * 0.319), 1.13rem);font-style:normal;font-weight:400\">Un d\u00e9l\u00e9gu\u00e9 \u00e0 la protection des donn\u00e9es n\u2019est pas nomm\u00e9 pour le moment, car les conditions l\u00e9gales selon l\u2019art. 37 RGPD en liaison avec le \u00a7 38 BDSG ne sont pas remplies selon l\u2019\u00e9tat actuel des choses.<\/p>\n\n\n\n<p class=\"has-roboto-font-family\" style=\"font-size:clamp(0.875rem, 0.875rem + ((1vw - 0.2rem) * 0.319), 1.13rem);font-style:normal;font-weight:600;line-height:1\">Pour les demandes concernant la protection des donn\u00e9es, veuillez contacter :<\/p>\n\n\n\n<p class=\"has-link-color has-roboto-font-family wp-elements-741547597de6ba02d06cf223dd098fda\" style=\"font-size:clamp(0.875rem, 0.875rem + ((1vw - 0.2rem) * 0.319), 1.13rem);font-style:normal;font-weight:400;line-height:1\"><a href=\"mailto:privacy@tickprotektor.com\">privacy@tickprotektor.com<\/a><\/p>\n\n\n\n<p class=\"has-custom-border-color-background-color has-background has-roboto-font-family has-small-font-size\" style=\"font-style:normal;font-weight:400\"><strong>Remarque pour l\u2019Allemagne :<\/strong> Si les seuils du \u00a7 38 BDSG sont atteints (en particulier r\u00e9guli\u00e8rement \u2265 20 personnes employ\u00e9es en permanence au traitement automatis\u00e9 de donn\u00e9es personnelles, ou en cas de traitements \u00e0 haut risque), nous nommerons un d\u00e9l\u00e9gu\u00e9 \u00e0 la protection des donn\u00e9es ; les coordonn\u00e9es seront alors publi\u00e9es ici.<\/p>\n<\/div>\n<\/div>\n\n\n\n<div class=\"gb-element-38b77770\">\n<div class=\"gb-element-53ba817a\">\n<h2 class=\"wp-block-heading has-roboto-font-family\" style=\"font-size:clamp(1.25rem, 1.25rem + ((1vw - 0.2rem) * 0.938), 2rem);font-style:normal;font-weight:600\">Finalit\u00e9s, bases juridiques, dur\u00e9es de conservation, destinataires<\/h2>\n\n\n\n<p class=\"has-roboto-font-family\" style=\"font-size:clamp(0.875rem, 0.875rem + ((1vw - 0.2rem) * 0.319), 1.13rem);font-style:normal;font-weight:400\">Nous pr\u00e9sentons ci-dessous nos activit\u00e9s de traitement de mani\u00e8re transparente. Dans la mesure o\u00f9 des prestataires de services (sous-traitants, art. 28 RGPD) sont utilis\u00e9s, des contrats correspondants existent. Les transferts vers des pays tiers sont expliqu\u00e9s au point 6.   <\/p>\n\n\n\n<p class=\"has-roboto-font-family\" style=\"font-size:clamp(0.875rem, 0.875rem + ((1vw - 0.2rem) * 0.319), 1.13rem);font-style:normal;font-weight:600;line-height:1.5\">3.1 Mise \u00e0 disposition du site web et fichiers journaux du serveur<\/p>\n\n\n\n<p class=\"has-link-color has-roboto-font-family has-small-font-size wp-elements-44a58d2e273a14c37a0249177f6c86a3\" style=\"font-style:normal;font-weight:400;line-height:1\"><strong>Donn\u00e9es<\/strong> : adresse IP, date\/heure, URL, r\u00e9f\u00e9rent, agent utilisateur, code d\u2019\u00e9tat, octets transf\u00e9r\u00e9s.<\/p>\n\n\n\n<p class=\"has-link-color has-roboto-font-family has-small-font-size wp-elements-4d420d96cb81ad2b29dfa738735df051\" style=\"font-style:normal;font-weight:400;line-height:1\"><strong>Finalit\u00e9<\/strong> : exploitation technique, s\u00e9curit\u00e9 (lutte contre les abus\/attaques), stabilit\u00e9.<\/p>\n\n\n\n<p class=\"has-link-color has-roboto-font-family has-small-font-size wp-elements-dc8bbcddfc41824648d8be9d6dd38bdf\" style=\"font-style:normal;font-weight:400;line-height:1\"><strong>Base juridique<\/strong> : art. 6, al. 1, let. f RGPD (int\u00e9r\u00eat l\u00e9gitime \u00e0 une mise \u00e0 disposition s\u00e9curis\u00e9e).  <\/p>\n\n\n\n<p class=\"has-link-color has-roboto-font-family has-small-font-size wp-elements-5ec247f8d7957dde43e34bd10792f4e5\" style=\"font-style:normal;font-weight:400;line-height:1\"><strong>Dur\u00e9e de conservation<\/strong> : les fichiers journaux du serveur sont en principe conserv\u00e9s pendant 7 \u00e0 30 jours, \u00e0 l\u2019exception des cas d\u2019incident (conservation plus longue \u00e0 des fins de preuve).<\/p>\n\n\n\n<p class=\"has-link-color has-roboto-font-family has-small-font-size wp-elements-952e24403667ae7ca1e07df43d571c5c\" style=\"font-style:normal;font-weight:400;line-height:1\"><strong>Destinataires\/Cat\u00e9gories<\/strong> : fournisseur d\u2019h\u00e9bergement IONOS SE, Elgendorfer Str. 57, 56410 Montabaur, Allemagne.<\/p>\n\n\n\n<p class=\"has-roboto-font-family\" style=\"font-size:clamp(0.875rem, 0.875rem + ((1vw - 0.2rem) * 0.319), 1.13rem);font-style:normal;font-weight:600;line-height:1.5\">3.2 Gestion du consentement (cookies\/consentement au suivi)<\/p>\n\n\n\n<p class=\"has-link-color has-roboto-font-family has-small-font-size wp-elements-f749b93baaa7b79e13d6ebf02ce3960a\" style=\"font-style:normal;font-weight:400;line-height:1\"><strong>Donn\u00e9es<\/strong> : statut du consentement, horodatage, informations sur l\u2019appareil, liste des fournisseurs, s\u00e9lection des finalit\u00e9s ; enregistr\u00e9 via cookie\/stockage local.<\/p>\n\n\n\n<p class=\"has-link-color has-roboto-font-family has-small-font-size wp-elements-4268694ab79721dd6056d9c770a3581e\" style=\"font-style:normal;font-weight:400;line-height:1\"><strong>Finalit\u00e9<\/strong> : documentation et gestion des consentements, exigence l\u00e9gale (\u00a7 25 TTDSG\/art. 6, al. 1, let. c RGPD) et pour remplir nos obligations de preuve (art. 6, al. 1, let. f RGPD).<\/p>\n\n\n\n<p class=\"has-link-color has-roboto-font-family has-small-font-size wp-elements-459c113cbe63fcc0ee2f8dfcbc027bd9\" style=\"font-style:normal;font-weight:400;line-height:1\"><strong>Base juridique<\/strong> : Cookies n\u00e9cessaires : art. 6, al. 1, let. f RGPD ; stockage\/lecture des cookies\/IDs non n\u00e9cessaires uniquement avec consentement (\u00a7 25, al. 1 TTDSG, art. 6, al. 1, let. a RGPD).  <\/p>\n\n\n\n<p class=\"has-link-color has-roboto-font-family has-small-font-size wp-elements-4c650b589a1edf46061fab065bc8a939\" style=\"font-style:normal;font-weight:400;line-height:1\"><strong>Dur\u00e9e de conservation<\/strong> : jusqu\u2019\u00e0 r\u00e9vocation\/suppression du cookie de consentement (en g\u00e9n\u00e9ral 6 \u00e0 12 mois).<\/p>\n\n\n\n<p class=\"has-link-color has-roboto-font-family has-small-font-size wp-elements-73c5a0ef750cb52b5e599ac8b57a31d1\" style=\"font-style:normal;font-weight:400;line-height:1\"><strong>Destinataire<\/strong> : Plateforme de gestion du consentement (CMP) consentmanager, Hafenstra\u00dfe 25, 66111 Saarbr\u00fccken, Allemagne.<\/p>\n\n\n\n<p class=\"has-roboto-font-family\" style=\"font-size:clamp(0.875rem, 0.875rem + ((1vw - 0.2rem) * 0.319), 1.13rem);font-style:normal;font-weight:600;line-height:1.5\">3.3 Demandes de contact (e-mail, t\u00e9l\u00e9phone, formulaire de contact)<\/p>\n\n\n\n<p class=\"has-link-color has-roboto-font-family has-small-font-size wp-elements-9aacd344250c98635b09d5d80c88219d\" style=\"font-style:normal;font-weight:400;line-height:1\"><strong>Donn\u00e9es<\/strong> : donn\u00e9es d\u2019identification et de contact, contenus de communication, m\u00e9tadonn\u00e9es.<\/p>\n\n\n\n<p class=\"has-link-color has-roboto-font-family has-small-font-size wp-elements-dc8c831bb8eb35ad261099aa8311fb2f\" style=\"font-style:normal;font-weight:400;line-height:1\"><strong>Finalit\u00e9<\/strong> : traitement de votre demande, correspondance.<\/p>\n\n\n\n<p class=\"has-link-color has-roboto-font-family has-small-font-size wp-elements-5de4dab8a0259e75b018c294807a08a2\" style=\"font-style:normal;font-weight:400;line-height:1\"><strong>Base juridique<\/strong> : art. 6, al. 1, let. b RGPD (communication pr\u00e9contractuelle) ou let. f RGPD (demandes g\u00e9n\u00e9rales).   <\/p>\n\n\n\n<p class=\"has-link-color has-roboto-font-family has-small-font-size wp-elements-7482fde4c737f3dc8a1a5455a4114f40\" style=\"font-style:normal;font-weight:400;line-height:1\"><strong>Dur\u00e9e de conservation<\/strong> : 6 \u00e0 12 mois apr\u00e8s la fin ; en cas d\u2019obligations l\u00e9gales de conservation (p. ex. droit commercial\/fiscal), dur\u00e9e plus longue en cons\u00e9quence.<\/p>\n\n\n\n<p class=\"has-link-color has-roboto-font-family has-small-font-size wp-elements-3f0d813b44e5900985f35c77c50e0354\" style=\"font-style:normal;font-weight:400;line-height:1\"><strong>Destinataire<\/strong> : fournisseur d\u2019e-mail\/d\u2019h\u00e9bergement IONOS SE, Elgendorfer Str. 57, 56410 Montabaur, Allemagne ; le cas \u00e9ch\u00e9ant, CRM IONOS SE.<\/p>\n\n\n\n<p class=\"has-roboto-font-family\" style=\"font-size:clamp(0.875rem, 0.875rem + ((1vw - 0.2rem) * 0.319), 1.13rem);font-style:normal;font-weight:600;line-height:1.5\">3.4 Envoi de newsletter (si utilis\u00e9)<\/p>\n\n\n\n<p class=\"has-link-color has-roboto-font-family has-small-font-size wp-elements-b24c83d7a6d3717abce26876190b6221\" style=\"font-style:normal;font-weight:400;line-height:1\"><strong>Donn\u00e9es<\/strong> : adresse e-mail, preuves de double opt-in (IP, heure, contenu du consentement), nom facultatif ; donn\u00e9es de distribution\/de rebond.<\/p>\n\n\n\n<p class=\"has-link-color has-roboto-font-family has-small-font-size wp-elements-21c26ea9c157f2f8363db55249c93783\" style=\"font-style:normal;font-weight:400;line-height:1\"><strong>Finalit\u00e9<\/strong> : envoi d\u2019informations\/d\u2019offres.<\/p>\n\n\n\n<p class=\"has-link-color has-roboto-font-family has-small-font-size wp-elements-c23a44f05739dc141e9de3eca51421b2\" style=\"font-style:normal;font-weight:400;line-height:1\"><strong>Base juridique<\/strong> : art. 6, al. 1, let. a RGPD, \u00a7 7 UWG (consentement).  <\/p>\n\n\n\n<p class=\"has-link-color has-roboto-font-family has-small-font-size wp-elements-5ac0f8218faddb2fee2a86b6aed135cd\" style=\"font-style:normal;font-weight:400;line-height:1\"><strong>Dur\u00e9e de conservation<\/strong> : jusqu\u2019\u00e0 r\u00e9vocation\/d\u00e9sinscription ; donn\u00e9es de preuve jusqu\u2019\u00e0 3 ans (fins de preuve).<\/p>\n\n\n\n<p class=\"has-link-color has-roboto-font-family has-small-font-size wp-elements-7cdade41c5632556a40ab310ce670465\" style=\"font-style:normal;font-weight:400;line-height:1\"><strong>Destinataire<\/strong> : service de newsletter IONOS SE, Elgendorfer Str. 57, 56410 Montabaur, Allemagne.<\/p>\n\n\n\n<p class=\"has-custom-border-color-background-color has-background has-roboto-font-family has-small-font-size\" style=\"font-style:normal;font-weight:400\"><strong>Remarque concernant le suivi<\/strong> : le suivi des ouvertures\/clics n\u2019a lieu qu\u2019avec un consentement suppl\u00e9mentaire ; vous pouvez vous y opposer \u00e0 tout moment ou r\u00e9voquer votre consentement.<\/p>\n\n\n\n<p class=\"has-roboto-font-family\" style=\"font-size:clamp(0.875rem, 0.875rem + ((1vw - 0.2rem) * 0.319), 1.13rem);font-style:normal;font-weight:600;line-height:1.5\">3.5 Analyse web \/ Mesure de la port\u00e9e (si utilis\u00e9)<\/p>\n\n\n\n<p class=\"has-link-color has-roboto-font-family has-small-font-size wp-elements-831d3a9ffef366bde555b6dd7650aa62\" style=\"font-style:normal;font-weight:400;line-height:1\"><strong>Variante A \u2013 Matomo (auto-h\u00e9berg\u00e9, sans cookies) :<br\/><\/strong>Base juridique : art. 6, al. 1, let. f RGPD ; anonymisation de l\u2019IP ; opt-out possible. Pas de transfert vers un pays tiers.   <\/p>\n\n\n\n<p class=\"has-link-color has-roboto-font-family has-small-font-size wp-elements-d47ea900283ca745f479f8cbf3ee5ef4\" style=\"font-style:normal;font-weight:400;line-height:1\"><strong>Variante B \u2013 Google Analytics :<br\/><\/strong>Base juridique : art. 6, al. 1, let. a RGPD (consentement) ; anonymisation de l\u2019IP activ\u00e9e ; dur\u00e9e de conservation des donn\u00e9es GA, p. ex. 14 mois ; fournisseur : Google Ireland Limited, Gordon House, Barrow Street, Dublin 4, Irlande ; transfert possible vers les \u00c9tats-Unis (voir point 6) ; \u00a7 26 BDSG.  <\/p>\n\n\n\n<p class=\"has-link-color has-roboto-font-family has-small-font-size wp-elements-56756899b673c8069ba308adc2eddfea\" style=\"font-style:normal;font-weight:400;line-height:1\"><strong>Dur\u00e9e de conservation<\/strong> : en g\u00e9n\u00e9ral 6 mois apr\u00e8s la fin de la proc\u00e9dure, conservation plus longue uniquement avec consentement.<\/p>\n<\/div>\n<\/div>\n\n\n\n<div class=\"gb-element-bad9854e\">\n<div class=\"gb-element-0433e324\">\n<h2 class=\"wp-block-heading has-roboto-font-family\" style=\"font-size:clamp(1.25rem, 1.25rem + ((1vw - 0.2rem) * 0.938), 2rem);font-style:normal;font-weight:600\">Obligation de mise \u00e0 disposition des donn\u00e9es<\/h2>\n\n\n\n<p class=\"has-roboto-font-family\" style=\"font-size:clamp(0.875rem, 0.875rem + ((1vw - 0.2rem) * 0.319), 1.13rem);font-style:normal;font-weight:400\">Dans le cadre du site web, il n\u2019existe aucune obligation l\u00e9gale de mise \u00e0 disposition. Pour les contacts\/contrats, certaines informations sont n\u00e9cessaires ; sans celles-ci, nous ne pourrons \u00e9ventuellement pas traiter votre demande. <\/p>\n<\/div>\n<\/div>\n\n\n\n<div class=\"gb-element-920be463\">\n<div class=\"gb-element-ef1bef00\">\n<h2 class=\"wp-block-heading has-roboto-font-family\" style=\"font-size:clamp(1.25rem, 1.25rem + ((1vw - 0.2rem) * 0.938), 2rem);font-style:normal;font-weight:600\">Vos droits (art. 15\u201321 RGPD)<\/h2>\n\n\n\n<p class=\"has-roboto-font-family\" style=\"font-size:clamp(0.875rem, 0.875rem + ((1vw - 0.2rem) * 0.319), 1.13rem);font-style:normal;font-weight:400\">Vous disposez d\u2019un droit d\u2019acc\u00e8s, de rectification, de suppression, de limitation, de portabilit\u00e9 des donn\u00e9es ainsi que du droit de vous opposer au traitement sur la base de l\u2019art. 6, al. 1, let. f RGPD et du droit de r\u00e9voquer \u00e0 tout moment les consentements accord\u00e9s avec effet pour l\u2019avenir. Vous avez en outre le droit de d\u00e9poser une plainte aupr\u00e8s d\u2019une autorit\u00e9 de contr\u00f4le de la protection des donn\u00e9es (voir point 7).   <\/p>\n<\/div>\n<\/div>\n\n\n\n<div class=\"gb-element-7a75afa0\">\n<div class=\"gb-element-722c2850\">\n<h2 class=\"wp-block-heading has-roboto-font-family\" style=\"font-size:clamp(1.25rem, 1.25rem + ((1vw - 0.2rem) * 0.938), 2rem);font-style:normal;font-weight:600\">Transferts vers des pays tiers (notamment les \u00c9tats-Unis)<\/h2>\n\n\n\n<p class=\"has-roboto-font-family\" style=\"font-size:clamp(0.875rem, 0.875rem + ((1vw - 0.2rem) * 0.319), 1.13rem);font-style:normal;font-weight:400\">Si nous utilisons des services dans le cadre desquels des donn\u00e9es personnelles sont transf\u00e9r\u00e9es vers des pays tiers, nous garantissons un niveau de protection ad\u00e9quat. Cela peut notamment se faire par le biais de : <\/p>\n\n\n\n<ul style=\"font-size:clamp(0.875rem, 0.875rem + ((1vw - 0.2rem) * 0.319), 1.13rem);\" class=\"wp-block-list has-roboto-font-family\">\n<li>D\u00e9cisions d\u2019ad\u00e9quation de la Commission europ\u00e9enne (p. ex. EU-US Data Privacy Framework \u2013 DPF, pour les entreprises am\u00e9ricaines certifi\u00e9es),<\/li>\n\n\n\n<li>Clauses contractuelles types de l\u2019UE (CCT) et, le cas \u00e9ch\u00e9ant, mesures suppl\u00e9mentaires.<\/li>\n<\/ul>\n\n\n\n<p class=\"has-roboto-font-family\" style=\"font-size:clamp(0.875rem, 0.875rem + ((1vw - 0.2rem) * 0.319), 1.13rem);font-style:normal;font-weight:400\">Vous trouverez des informations concr\u00e8tes pour chaque service dans les sections respectives ci-dessus ou dans la liste des cookies\/fournisseurs dans l\u2019outil de consentement.<\/p>\n<\/div>\n<\/div>\n\n\n\n<div class=\"gb-element-5c6a2d19\">\n<div class=\"gb-element-85ee3336\">\n<h2 class=\"wp-block-heading has-roboto-font-family\" style=\"font-size:clamp(1.25rem, 1.25rem + ((1vw - 0.2rem) * 0.938), 2rem);font-style:normal;font-weight:600\">Autorit\u00e9 de surveillance comp\u00e9tente<\/h2>\n\n\n\n<p class=\"has-roboto-font-family\" style=\"font-size:clamp(0.875rem, 0.875rem + ((1vw - 0.2rem) * 0.319), 1.13rem);font-style:normal;font-weight:400\"><strong>En cas d\u2019\u00e9tablissement principal en Irlande (One-Stop-Shop) :<\/strong><\/p>\n\n\n\n<p class=\"has-roboto-font-family\" style=\"font-size:clamp(0.875rem, 0.875rem + ((1vw - 0.2rem) * 0.319), 1.13rem);font-style:normal;font-weight:400\">Data Protection Commission (DPC)<br\/>21 Fitzwilliam Square South<br\/>Dublin 2, D02 RD28, Ireland<br\/><a href=\"https:\/\/www.dataprotection.ie\/\" target=\"_blank\" rel=\"noreferrer noopener nofollow\">https:\/\/www.dataprotection.ie\/<\/a><\/p>\n\n\n\n<p class=\"has-roboto-font-family\" style=\"font-size:clamp(0.875rem, 0.875rem + ((1vw - 0.2rem) * 0.319), 1.13rem);font-style:normal;font-weight:400\"><strong>Pour l\u2019adresse de contact allemande \/ point de contact pour les personnes concern\u00e9es en Allemagne :<\/strong><\/p>\n\n\n\n<p class=\"has-roboto-font-family\" style=\"font-size:clamp(0.875rem, 0.875rem + ((1vw - 0.2rem) * 0.319), 1.13rem);font-style:normal;font-weight:400\">Der Landesbeauftragte f\u00fcr den Datenschutz und die Informationsfreiheit Baden-W\u00fcrttemberg (LfDI BW)<br\/>Lautenschlagerstra\u00dfe 20<br\/>70173 Stuttgart<br\/><a href=\"https:\/\/www.baden-wuerttemberg.datenschutz.de\/\" target=\"_blank\" rel=\"noreferrer noopener nofollow\">https:\/\/www.baden-wuerttemberg.datenschutz.de\/<\/a><\/p>\n\n\n\n<p class=\"has-roboto-font-family has-small-font-size\" style=\"font-style:normal;font-weight:400\">Votre droit de vous adresser \u00e0 toute autorit\u00e9 de contr\u00f4le de la protection des donn\u00e9es dans l\u2019UE, en particulier celle de votre lieu de r\u00e9sidence ou du lieu de la violation pr\u00e9sum\u00e9e, reste inchang\u00e9.<\/p>\n<\/div>\n<\/div>\n\n\n\n<div class=\"gb-element-cbc01e40\">\n<div class=\"gb-element-44f3714f\">\n<h2 class=\"wp-block-heading has-roboto-font-family\" style=\"font-size:clamp(1.25rem, 1.25rem + ((1vw - 0.2rem) * 0.938), 2rem);font-style:normal;font-weight:600\">Mesures de s\u00e9curit\u00e9<\/h2>\n\n\n\n<p class=\"has-roboto-font-family\" style=\"font-size:clamp(0.875rem, 0.875rem + ((1vw - 0.2rem) * 0.319), 1.13rem);font-style:normal;font-weight:400\">Nous prenons des mesures techniques et organisationnelles (TOM) conform\u00e9ment \u00e0 l\u2019art. 32 RGPD (p. ex. cryptage TLS, contr\u00f4les d\u2019acc\u00e8s, journalisation, concepts de droits\/r\u00f4les). Veuillez noter que la transmission de donn\u00e9es sur Internet peut pr\u00e9senter des failles de s\u00e9curit\u00e9 qui \u00e9chappent \u00e0 notre contr\u00f4le. <\/p>\n<\/div>\n<\/div>\n\n\n\n<div class=\"gb-element-fc10d32c\">\n<div class=\"gb-element-cce92e05\">\n<h2 class=\"wp-block-heading has-roboto-font-family\" style=\"font-size:clamp(1.25rem, 1.25rem + ((1vw - 0.2rem) * 0.938), 2rem);font-style:normal;font-weight:600\"><strong>Liste des destinataires\/fournisseurs (mise \u00e0 jour continue)<\/strong><\/h2>\n\n\n\n<figure class=\"wp-block-table is-style-stripes has-roboto-font-family\" style=\"font-size:clamp(0.875rem, 0.875rem + ((1vw - 0.2rem) * 0.156), 1rem);font-style:normal;font-weight:400\"><table class=\"has-border-color has-fixed-layout\" style=\"border-color:#e1e8f000;border-width:1px\"><tbody><tr><td class=\"has-text-align-center\" data-align=\"center\"><strong>Traitement<\/strong><\/td><td class=\"has-text-align-center\" data-align=\"center\"><strong>Fournisseur<\/strong><\/td><td class=\"has-text-align-center\" data-align=\"center\"><strong>Si\u00e8ge<\/strong><\/td><td class=\"has-text-align-center\" data-align=\"center\"><strong>R\u00f4le<\/strong><\/td><td class=\"has-text-align-center\" data-align=\"center\"><strong>Base juridique<\/strong><\/td><td class=\"has-text-align-center\" data-align=\"center\"><strong>Transfert vers un pays tiers<\/strong><\/td><td class=\"has-text-align-center\" data-align=\"center\"><strong>AVV<\/strong><\/td><\/tr><tr><td class=\"has-text-align-center\" data-align=\"center\">H\u00e9bergement\/Journaux de serveur<\/td><td class=\"has-text-align-center\" data-align=\"center\">IONOS SE<\/td><td class=\"has-text-align-center\" data-align=\"center\">Allemagne<\/td><td class=\"has-text-align-center\" data-align=\"center\">Sous-traitant<\/td><td class=\"has-text-align-center\" data-align=\"center\">Art. 6, al. 1, let. f  <\/td><td class=\"has-text-align-center\" data-align=\"center\">\u2013<\/td><td class=\"has-text-align-center\" data-align=\"center\">Oui<\/td><\/tr><tr><td class=\"has-text-align-center\" data-align=\"center\">CMP<\/td><td class=\"has-text-align-center\" data-align=\"center\">consentmanager<\/td><td class=\"has-text-align-center\" data-align=\"center\">Allemagne\/UE<\/td><td class=\"has-text-align-center\" data-align=\"center\">Sous-traitant<\/td><td class=\"has-text-align-center\" data-align=\"center\">Art. 6, al. 1, let. c\/f  <\/td><td class=\"has-text-align-center\" data-align=\"center\">\u2013<\/td><td class=\"has-text-align-center\" data-align=\"center\">Oui<\/td><\/tr><tr><td class=\"has-text-align-center\" data-align=\"center\">E-mail\/CRM<\/td><td class=\"has-text-align-center\" data-align=\"center\">IONOS SE<\/td><td class=\"has-text-align-center\" data-align=\"center\">Allemagne<\/td><td class=\"has-text-align-center\" data-align=\"center\">Sous-traitant<\/td><td class=\"has-text-align-center\" data-align=\"center\">Art. 6, al. 1, let. b\/f  <\/td><td class=\"has-text-align-center\" data-align=\"center\">\u2013<\/td><td class=\"has-text-align-center\" data-align=\"center\">Oui<\/td><\/tr><tr><td class=\"has-text-align-center\" data-align=\"center\">Newsletter<\/td><td class=\"has-text-align-center\" data-align=\"center\">IONOS SE<\/td><td class=\"has-text-align-center\" data-align=\"center\">Allemagne<\/td><td class=\"has-text-align-center\" data-align=\"center\">Sous-traitant<\/td><td class=\"has-text-align-center\" data-align=\"center\">Art. 6, al. 1, let. a  <\/td><td class=\"has-text-align-center\" data-align=\"center\">\u2013<\/td><td class=\"has-text-align-center\" data-align=\"center\">Oui<\/td><\/tr><tr><td class=\"has-text-align-center\" data-align=\"center\">Analyse web<\/td><td class=\"has-text-align-center\" data-align=\"center\">Google Analytics (Google Ireland Ltd.)<\/td><td class=\"has-text-align-center\" data-align=\"center\">Irlande\/\u00c9tats-Unis<\/td><td class=\"has-text-align-center\" data-align=\"center\">Sous-traitant\/le cas \u00e9ch\u00e9ant, responsable conjoint du traitement <\/td><td class=\"has-text-align-center\" data-align=\"center\">Art. 6, al. 1, let. a  <br\/><\/td><td class=\"has-text-align-center\" data-align=\"center\">\u00c9tats-Unis, DPF\/CCT<\/td><td class=\"has-text-align-center\" data-align=\"center\">Oui<\/td><\/tr><tr><td class=\"has-text-align-center\" data-align=\"center\">Contenus int\u00e9gr\u00e9s<\/td><td class=\"has-text-align-center\" data-align=\"center\">YouTube (Google Ireland Ltd.)<\/td><td class=\"has-text-align-center\" data-align=\"center\">Irlande\/\u00c9tats-Unis<\/td><td class=\"has-text-align-center\" data-align=\"center\">Responsable ind\u00e9pendant du traitement<\/td><td class=\"has-text-align-center\" data-align=\"center\">Art. 6, al. 1, let. a  <br\/><\/td><td class=\"has-text-align-center\" data-align=\"center\">\u00c9tats-Unis, DPF\/CCT<\/td><td class=\"has-text-align-center\" data-align=\"center\">Oui<\/td><\/tr><\/tbody><\/table><\/figure>\n<\/div>\n<\/div>\n\n\n\n<div class=\"gb-element-0afea476\">\n<div class=\"gb-element-23dee4ab\">\n<h2 class=\"wp-block-heading has-roboto-font-family\" style=\"font-size:clamp(1.25rem, 1.25rem + ((1vw - 0.2rem) * 0.938), 2rem);font-style:normal;font-weight:600\">Dur\u00e9es de conservation (aper\u00e7u)<\/h2>\n\n\n\n<ul style=\"font-size:clamp(0.875rem, 0.875rem + ((1vw - 0.2rem) * 0.319), 1.13rem);font-style:normal;font-weight:400\" class=\"wp-block-list has-roboto-font-family\">\n<li><strong>Journaux de serveur<\/strong> : 7 \u00e0 30 jours (cas d\u2019incident plus longtemps).<\/li>\n\n\n\n<li><strong>Demandes de contact<\/strong> : 6 \u00e0 12 mois ; conservation en vertu du droit commercial\/fiscal : jusqu\u2019\u00e0 10 ans.<\/li>\n\n\n\n<li><strong>Donn\u00e9es de newsletter<\/strong> : jusqu\u2019\u00e0 r\u00e9vocation ; preuves DOI jusqu\u2019\u00e0 3 ans.<\/li>\n\n\n\n<li><strong>IDs d\u2019analyse\/de marketing<\/strong> : conform\u00e9ment au consentement ; sinon, pas de conservation.<\/li>\n\n\n\n<li><strong>Candidatures<\/strong> : 6 mois apr\u00e8s la fin (sauf consentement pour une conservation plus longue).<\/li>\n<\/ul>\n<\/div>\n<\/div>\n\n\n\n<div class=\"gb-element-323b62e2\">\n<div class=\"gb-element-75719c5a\">\n<h2 class=\"wp-block-heading has-roboto-font-family\" style=\"font-size:clamp(1.25rem, 1.25rem + ((1vw - 0.2rem) * 0.938), 2rem);font-style:normal;font-weight:600\">D\u00e9cisions automatis\u00e9es\/Profilage<\/h2>\n\n\n\n<p class=\"has-roboto-font-family\" style=\"font-size:clamp(0.875rem, 0.875rem + ((1vw - 0.2rem) * 0.319), 1.13rem);font-style:normal;font-weight:400\">Il n\u2019y a pas de prise de d\u00e9cision automatis\u00e9e au sens de l\u2019art. 22 RGPD. Le profilage n\u2019a lieu que si vous y avez consenti s\u00e9par\u00e9ment (p. ex. suivi de la newsletter). <\/p>\n<\/div>\n<\/div>\n\n\n\n<div class=\"gb-element-693f6ee7\">\n<div class=\"gb-element-f126e584\">\n<h2 class=\"wp-block-heading has-roboto-font-family\" style=\"font-size:clamp(1.25rem, 1.25rem + ((1vw - 0.2rem) * 0.938), 2rem);font-style:normal;font-weight:600\">Modification de cette politique de confidentialit\u00e9<\/h2>\n\n\n\n<p class=\"has-roboto-font-family\" style=\"font-size:clamp(0.875rem, 0.875rem + ((1vw - 0.2rem) * 0.319), 1.13rem);font-style:normal;font-weight:400\">Nous nous r\u00e9servons le droit d\u2019adapter cette d\u00e9claration en cas de modifications de nos traitements, de nos services ou de la situation juridique. La version actuelle sera publi\u00e9e ici. Nous communiquerons s\u00e9par\u00e9ment les modifications essentielles \u2013 dans la mesure o\u00f9 cela est n\u00e9cessaire.  <\/p>\n<\/div>\n<\/div>\n\n\n\n<div class=\"gb-element-b0789491\">\n<div class=\"gb-element-0c219699\">\n<p class=\"has-text-align-center has-accent-4-color has-text-color has-link-color has-roboto-font-family wp-elements-b5ea8bdec676537bd972ca570cf8b026\" style=\"font-size:clamp(0.875rem, 0.875rem + ((1vw - 0.2rem) * 0.319), 1.13rem);font-style:normal;font-weight:400\">\u00a9 2025 ATI Industrie Ltd. Tous droits r\u00e9serv\u00e9s.<\/p>\n<\/div>\n<\/div>\n<\/div>\n\n<p><\/p>\n","protected":false},"excerpt":{"rendered":"<p>Politique de confidentialit\u00e9 Date : 15\/10\/2025 Cette politique de confidentialit\u00e9 vous informe sur la mani\u00e8re dont nous traitons les donn\u00e9es personnelles lorsque vous visitez notre site web, que vous nous contactez ou que vous utilisez nos services en ligne. Responsable du traitement (art. 4, n\u00b0 7 RGPD) ATI Industrie Ltd. Private Company Limited by Shares [&hellip;]<\/p>\n","protected":false},"author":1,"featured_media":0,"parent":0,"menu_order":0,"comment_status":"closed","ping_status":"closed","template":"","meta":{"footnotes":""},"class_list":["post-3163","page","type-page","status-publish","hentry"],"_links":{"self":[{"href":"https:\/\/tickprotektor.com\/fr\/wp-json\/wp\/v2\/pages\/3163","targetHints":{"allow":["GET"]}}],"collection":[{"href":"https:\/\/tickprotektor.com\/fr\/wp-json\/wp\/v2\/pages"}],"about":[{"href":"https:\/\/tickprotektor.com\/fr\/wp-json\/wp\/v2\/types\/page"}],"author":[{"embeddable":true,"href":"https:\/\/tickprotektor.com\/fr\/wp-json\/wp\/v2\/users\/1"}],"replies":[{"embeddable":true,"href":"https:\/\/tickprotektor.com\/fr\/wp-json\/wp\/v2\/comments?post=3163"}],"version-history":[{"count":0,"href":"https:\/\/tickprotektor.com\/fr\/wp-json\/wp\/v2\/pages\/3163\/revisions"}],"wp:attachment":[{"href":"https:\/\/tickprotektor.com\/fr\/wp-json\/wp\/v2\/media?parent=3163"}],"curies":[{"name":"wp","href":"https:\/\/api.w.org\/{rel}","templated":true}]}}